{"id":4358,"date":"2020-01-30T18:50:17","date_gmt":"2020-01-30T17:50:17","guid":{"rendered":"http:\/\/www.solidarsport.fr\/?page_id=4358"},"modified":"2022-06-13T08:10:59","modified_gmt":"2022-06-13T06:10:59","slug":"maternelles-primaires","status":"publish","type":"page","link":"https:\/\/www.solidarsport.fr\/index.php\/maternelles-primaires\/","title":{"rendered":"Nos actions : les \u00e9coles maternelles et primaires"},"content":{"rendered":"\t\t<div data-elementor-type=\"wp-page\" data-elementor-id=\"4358\" class=\"elementor elementor-4358\">\n\t\t\t\t\t\t<section class=\"elementor-section elementor-top-section elementor-element elementor-element-69a81a26 elementor-section-boxed elementor-section-height-default elementor-section-height-default\" data-id=\"69a81a26\" data-element_type=\"section\" data-e-type=\"section\" data-settings=\"{&quot;background_background&quot;:&quot;classic&quot;}\">\n\t\t\t\t\t\t<div class=\"elementor-container elementor-column-gap-default\">\n\t\t\t\t\t<div class=\"elementor-column elementor-col-100 elementor-top-column elementor-element elementor-element-63ec9922\" data-id=\"63ec9922\" data-element_type=\"column\" data-e-type=\"column\">\n\t\t\t<div class=\"elementor-widget-wrap elementor-element-populated\">\n\t\t\t\t\t\t<div class=\"elementor-element elementor-element-5fc96681 elementor-widget elementor-widget-heading\" data-id=\"5fc96681\" data-element_type=\"widget\" data-e-type=\"widget\" data-widget_type=\"heading.default\">\n\t\t\t\t<div class=\"elementor-widget-container\">\n\t\t\t\t\t<h2 class=\"elementor-heading-title elementor-size-default\">Nos actions au sein des \u00e9coles maternelles et primaires<\/h2>\t\t\t\t<\/div>\n\t\t\t\t<\/div>\n\t\t\t\t<div class=\"elementor-element elementor-element-11d1918e elementor-widget-divider--view-line_icon elementor-view-default elementor-widget-divider--element-align-center elementor-widget elementor-widget-divider\" data-id=\"11d1918e\" data-element_type=\"widget\" data-e-type=\"widget\" data-widget_type=\"divider.default\">\n\t\t\t\t<div class=\"elementor-widget-container\">\n\t\t\t\t\t\t\t<div class=\"elementor-divider\">\n\t\t\t<span class=\"elementor-divider-separator\">\n\t\t\t\t\t\t\t<div class=\"elementor-icon elementor-divider__element\">\n\t\t\t\t\t<i aria-hidden=\"true\" class=\"fas fa-puzzle-piece\"><\/i><\/div>\n\t\t\t\t\t\t<\/span>\n\t\t<\/div>\n\t\t\t\t\t\t<\/div>\n\t\t\t\t<\/div>\n\t\t\t\t\t<\/div>\n\t\t<\/div>\n\t\t\t\t\t<\/div>\n\t\t<\/section>\n\t\t\t\t<section class=\"elementor-section elementor-top-section elementor-element elementor-element-ab67001 elementor-section-boxed elementor-section-height-default elementor-section-height-default\" data-id=\"ab67001\" data-element_type=\"section\" data-e-type=\"section\">\n\t\t\t\t\t\t<div class=\"elementor-container elementor-column-gap-default\">\n\t\t\t\t\t<div class=\"elementor-column elementor-col-100 elementor-top-column elementor-element elementor-element-4bd094c\" data-id=\"4bd094c\" data-element_type=\"column\" data-e-type=\"column\">\n\t\t\t<div class=\"elementor-widget-wrap elementor-element-populated\">\n\t\t\t\t\t\t<div class=\"elementor-element elementor-element-fa2d4ad elementor-widget elementor-widget-text-editor\" data-id=\"fa2d4ad\" data-element_type=\"widget\" data-e-type=\"widget\" data-widget_type=\"text-editor.default\">\n\t\t\t\t<div class=\"elementor-widget-container\">\n\t\t\t\t\t\t\t\t\t<p>Toutes nos actions men\u00e9es en \u00e9cole primaires et maternelles&#8230;<\/p>\t\t\t\t\t\t\t\t<\/div>\n\t\t\t\t<\/div>\n\t\t\t\t<div class=\"elementor-element elementor-element-ac87b7a elementor-widget elementor-widget-oew-blog-grid\" data-id=\"ac87b7a\" data-element_type=\"widget\" data-e-type=\"widget\" data-widget_type=\"oew-blog-grid.default\">\n\t\t\t\t<div class=\"elementor-widget-container\">\n\t\t\t\t\t\n\t\t\t<div class=\"oew-blog-grid clr match-height-grid\" data-desktop-columns=3  >\n\n\t\t\t\t\n\t\t\t\t\t\t<article id=\"post-6570\" class=\"oew-grid-entry clr post-6570 post type-post status-publish format-standard has-post-thumbnail hentry category-actus category-archives category-respect_colleges category-le-lien category-respect_primaires category-lycee category-respect_marche tag-handicap-international tag-ieo06 tag-ile-de-lerins tag-institut-destudis-occitans tag-la-trinite tag-lycee-les-palmiers tag-mairie-de-grasse tag-rencontre-solidarsport tag-sainte-honorat entry has-media\">\n\n\t\t\t\t\t\t\t\n\t\t\t\t\t\t\t\t<div class=\"oew-grid-inner clr\">\n\n\t\t\t\t\t\t\t\t\t\n\t\t\t\t\t\t\t\t\t\t<div class=\"oew-grid-media clr\">\n\n\t\t\t\t\t\t\t\t\t\t\t<a href=\"https:\/\/www.solidarsport.fr\/index.php\/2025\/06\/28\/6570\/\" title=\"Les Rencontres Solidarsport 2025\" class=\"oew-grid-img\">\n\n\t\t\t\t\t\t\t\t\t\t\t\t<img decoding=\"async\" width=\"150\" height=\"150\" src=\"https:\/\/www.solidarsport.fr\/wp-content\/uploads\/2025\/06\/PhotoLeLienSaintHonorat-150x150.jpg\" class=\"attachment-thumbnail size-thumbnail wp-post-image\" alt=\"Les Rencontres Solidarsport 2025\" itemprop=\"image\" srcset=\"https:\/\/www.solidarsport.fr\/wp-content\/uploads\/2025\/06\/PhotoLeLienSaintHonorat-150x150.jpg 150w, https:\/\/www.solidarsport.fr\/wp-content\/uploads\/2025\/06\/PhotoLeLienSaintHonorat-600x600.jpg 600w\" sizes=\"(max-width: 150px) 100vw, 150px\" \/>\n\t\t\t\t\t\t\t\t\t\t\t\t<span class=\"overlay\">\n\t\t\t\t\t\t\t\t\t\t\t\t\t\t\t\t\t\t\t\t\t\t\t\t\t\t\t<span class=\"overlay-btn\">\n\t\t\t\t\t\t\t\t\t\t\t\t\t\t\tEn savoir plus\t\t\t\t\t\t\t\t\t\t\t\t\t\t<\/span>\n\t\t\t\t\t\t\t\t\t\t\t\t\t\t\t\t\t\t\t\t\t\t\t\t\t<\/span>\n\n\t\t\t\t\t\t\t\t\t\t\t<\/a>\n\n\t\t\t\t\t\t\t\t\t\t\t\n\t\t\t\t\t\t\t\t\t\t<\/div><!-- .oew-grid-media -->\n\n\t\t\t\t\t\t\t\t\t\n\t\t\t\t\t\t\t\t\t\n\t\t\t\t\t\t\t\t\t\t<div class=\"oew-grid-details match-height-content clr\">\n\n\t\t\t\t\t\t\t\t\t\t\t\n\t\t\t\t\t\t\t\t\t\t\t\t<h2 class=\"oew-grid-title entry-title\">\n\t\t\t\t\t\t\t\t\t\t\t\t\t<a href=\"https:\/\/www.solidarsport.fr\/index.php\/2025\/06\/28\/6570\/\" title=\"Les Rencontres Solidarsport 2025\">Les Rencontres Solidarsport 2025<\/a>\n\t\t\t\t\t\t\t\t\t\t\t\t<\/h2>\n\n\t\t\t\t\t\t\t\t\t\t\t\n\t\t\t\t\t\t\t\t\t\t\t\n\t\t\t\t\t\t\t\t\t\t\t\t<div class=\"oew-grid-excerpt clr\">\n\t\t\t\t\t\t\t\t\t\t\t\t\tLes Rencontres Solidarsport 2025 D\u00e9couvrez notre reportage sur cette journ\u00e9e\u2026\t\t\t\t\t\t\t\t\t\t\t\t<\/div>\n\n\t\t\t\t\t\t\t\t\t\t\t\n\t\t\t\t\t\t\t\t\t\t<\/div><!-- .oew-grid-details -->\n\n\t\t\t\t\t\t\t\t\t\n\t\t\t\t\t\t\t\t\t\n\t\t\t\t\t\t\t\t<\/div>\n\n\t\t\t\t\t\t\t\n\t\t\t\t\t\t<\/article>\n\n\t\t\t\t\t\n\t\t\t\t\t\n\t\t\t\t\t\t<article id=\"post-5925\" class=\"oew-grid-entry clr post-5925 post type-post status-publish format-standard has-post-thumbnail hentry category-archives category-respect_primaires category-non-classe category-respect_marche tag-147 tag-1ere-adjointe-au-maire tag-bernard-brunstein tag-ce1 tag-ce2 tag-charlotte-digne tag-christelle-es-slimani tag-cm1 tag-cm2 tag-ecole tag-fitness tag-fresque tag-imen-ben-abdeljelil tag-jean-pascal-albertini tag-journee-du-respect tag-la-plana tag-la-trinite tag-ollier tag-passation-de-temoin tag-rosalba-nicoletti-dupuy tag-steeve-damana tag-synvain-valetti entry has-media\">\n\n\t\t\t\t\t\t\t\n\t\t\t\t\t\t\t\t<div class=\"oew-grid-inner clr\">\n\n\t\t\t\t\t\t\t\t\t\n\t\t\t\t\t\t\t\t\t\t<div class=\"oew-grid-media clr\">\n\n\t\t\t\t\t\t\t\t\t\t\t<a href=\"https:\/\/www.solidarsport.fr\/index.php\/2023\/06\/12\/passation-de-temoin-a-lecole-de-la-plana-a-la-trinite\/\" title=\"Le t\u00e9moin est transmis \u00e0 l&rsquo;\u00e9cole de La Plana \u00e0 La Trinit\u00e9\" class=\"oew-grid-img\">\n\n\t\t\t\t\t\t\t\t\t\t\t\t<img decoding=\"async\" width=\"150\" height=\"150\" src=\"https:\/\/www.solidarsport.fr\/wp-content\/uploads\/2023\/06\/EcoleLaPlana-scaled-e1689075917261-150x150.jpg\" class=\"attachment-thumbnail size-thumbnail wp-post-image\" alt=\"Le t\u00e9moin est transmis \u00e0 l&rsquo;\u00e9cole de La Plana \u00e0 La Trinit\u00e9\" itemprop=\"image\" \/>\n\t\t\t\t\t\t\t\t\t\t\t\t<span class=\"overlay\">\n\t\t\t\t\t\t\t\t\t\t\t\t\t\t\t\t\t\t\t\t\t\t\t\t\t\t\t<span class=\"overlay-btn\">\n\t\t\t\t\t\t\t\t\t\t\t\t\t\t\tEn savoir plus\t\t\t\t\t\t\t\t\t\t\t\t\t\t<\/span>\n\t\t\t\t\t\t\t\t\t\t\t\t\t\t\t\t\t\t\t\t\t\t\t\t\t<\/span>\n\n\t\t\t\t\t\t\t\t\t\t\t<\/a>\n\n\t\t\t\t\t\t\t\t\t\t\t\n\t\t\t\t\t\t\t\t\t\t<\/div><!-- .oew-grid-media -->\n\n\t\t\t\t\t\t\t\t\t\n\t\t\t\t\t\t\t\t\t\n\t\t\t\t\t\t\t\t\t\t<div class=\"oew-grid-details match-height-content clr\">\n\n\t\t\t\t\t\t\t\t\t\t\t\n\t\t\t\t\t\t\t\t\t\t\t\t<h2 class=\"oew-grid-title entry-title\">\n\t\t\t\t\t\t\t\t\t\t\t\t\t<a href=\"https:\/\/www.solidarsport.fr\/index.php\/2023\/06\/12\/passation-de-temoin-a-lecole-de-la-plana-a-la-trinite\/\" title=\"Le t\u00e9moin est transmis \u00e0 l&rsquo;\u00e9cole de La Plana \u00e0 La Trinit\u00e9\">Le t\u00e9moin est transmis \u00e0 l'\u00e9cole de La Plana \u00e0 La Trinit\u00e9<\/a>\n\t\t\t\t\t\t\t\t\t\t\t\t<\/h2>\n\n\t\t\t\t\t\t\t\t\t\t\t\n\t\t\t\t\t\t\t\t\t\t\t\n\t\t\t\t\t\t\t\t\t\t\t\t<div class=\"oew-grid-excerpt clr\">\n\t\t\t\t\t\t\t\t\t\t\t\t\tRetrouvez notre reportage sur cette Journ\u00e9e du Respect particuli\u00e8re en\u2026\t\t\t\t\t\t\t\t\t\t\t\t<\/div>\n\n\t\t\t\t\t\t\t\t\t\t\t\n\t\t\t\t\t\t\t\t\t\t<\/div><!-- .oew-grid-details -->\n\n\t\t\t\t\t\t\t\t\t\n\t\t\t\t\t\t\t\t\t\n\t\t\t\t\t\t\t\t<\/div>\n\n\t\t\t\t\t\t\t\n\t\t\t\t\t\t<\/article>\n\n\t\t\t\t\t\n\t\t\t\t\t\n\t\t\t\t\t\t<article id=\"post-5902\" class=\"oew-grid-entry clr post-5902 post type-post status-publish format-standard has-post-thumbnail hentry category-archives category-respect_primaires category-respect_marche tag-cm2 tag-jean-mace tag-primaire entry has-media\">\n\n\t\t\t\t\t\t\t\n\t\t\t\t\t\t\t\t<div class=\"oew-grid-inner clr\">\n\n\t\t\t\t\t\t\t\t\t\n\t\t\t\t\t\t\t\t\t\t<div class=\"oew-grid-media clr\">\n\n\t\t\t\t\t\t\t\t\t\t\t<a href=\"https:\/\/www.solidarsport.fr\/index.php\/2023\/05\/28\/camille-audibert-et-les-cm2a-de-lecole-jean-mace-2\/\" title=\"Camille AUDIBERT et les CM2A de l&rsquo;\u00e9cole Jean Mac\u00e9 2\" class=\"oew-grid-img\">\n\n\t\t\t\t\t\t\t\t\t\t\t\t<img decoding=\"async\" width=\"150\" height=\"150\" src=\"https:\/\/www.solidarsport.fr\/wp-content\/uploads\/2023\/05\/CamileAudibertAL-scaled-e1685282241473-150x150.jpg\" class=\"attachment-thumbnail size-thumbnail wp-post-image\" alt=\"Camille AUDIBERT et les CM2A de l&rsquo;\u00e9cole Jean Mac\u00e9 2\" itemprop=\"image\" \/>\n\t\t\t\t\t\t\t\t\t\t\t\t<span class=\"overlay\">\n\t\t\t\t\t\t\t\t\t\t\t\t\t\t\t\t\t\t\t\t\t\t\t\t\t\t\t<span class=\"overlay-btn\">\n\t\t\t\t\t\t\t\t\t\t\t\t\t\t\tEn savoir plus\t\t\t\t\t\t\t\t\t\t\t\t\t\t<\/span>\n\t\t\t\t\t\t\t\t\t\t\t\t\t\t\t\t\t\t\t\t\t\t\t\t\t<\/span>\n\n\t\t\t\t\t\t\t\t\t\t\t<\/a>\n\n\t\t\t\t\t\t\t\t\t\t\t\n\t\t\t\t\t\t\t\t\t\t<\/div><!-- .oew-grid-media -->\n\n\t\t\t\t\t\t\t\t\t\n\t\t\t\t\t\t\t\t\t\n\t\t\t\t\t\t\t\t\t\t<div class=\"oew-grid-details match-height-content clr\">\n\n\t\t\t\t\t\t\t\t\t\t\t\n\t\t\t\t\t\t\t\t\t\t\t\t<h2 class=\"oew-grid-title entry-title\">\n\t\t\t\t\t\t\t\t\t\t\t\t\t<a href=\"https:\/\/www.solidarsport.fr\/index.php\/2023\/05\/28\/camille-audibert-et-les-cm2a-de-lecole-jean-mace-2\/\" title=\"Camille AUDIBERT et les CM2A de l&rsquo;\u00e9cole Jean Mac\u00e9 2\">Camille AUDIBERT et les CM2A de l'\u00e9cole Jean Mac\u00e9 2<\/a>\n\t\t\t\t\t\t\t\t\t\t\t\t<\/h2>\n\n\t\t\t\t\t\t\t\t\t\t\t\n\t\t\t\t\t\t\t\t\t\t\t\n\t\t\t\t\t\t\t\t\t\t\t\t<div class=\"oew-grid-excerpt clr\">\n\t\t\t\t\t\t\t\t\t\t\t\t\tRetrouvez le reportage de Madame Agn\u00e8s LASRY, enseignante, et les\u2026\t\t\t\t\t\t\t\t\t\t\t\t<\/div>\n\n\t\t\t\t\t\t\t\t\t\t\t\n\t\t\t\t\t\t\t\t\t\t<\/div><!-- .oew-grid-details -->\n\n\t\t\t\t\t\t\t\t\t\n\t\t\t\t\t\t\t\t\t\n\t\t\t\t\t\t\t\t<\/div>\n\n\t\t\t\t\t\t\t\n\t\t\t\t\t\t<\/article>\n\n\t\t\t\t\t\n\t\t\t\t\t\n\t\t\t\t\t\t<article id=\"post-5889\" class=\"oew-grid-entry clr post-5889 post type-post status-publish format-standard has-post-thumbnail hentry category-archives category-respect_primaires category-non-classe tag-action-friends tag-agnes-lasry tag-camille-audibert tag-cherif tag-cm2 tag-directrice-dominique-zanobi tag-equipe-de-france-feminine-dalpinisme tag-himalayiste tag-jean-mace-2 tag-michel-pastorelli tag-nice entry has-media\">\n\n\t\t\t\t\t\t\t\n\t\t\t\t\t\t\t\t<div class=\"oew-grid-inner clr\">\n\n\t\t\t\t\t\t\t\t\t\n\t\t\t\t\t\t\t\t\t\t<div class=\"oew-grid-media clr\">\n\n\t\t\t\t\t\t\t\t\t\t\t<a href=\"https:\/\/www.solidarsport.fr\/index.php\/2023\/05\/18\/rencontre-avec-camille-audibert-une-grande-lecon-de-vie\/\" title=\"Rencontre avec Camille Audibert : une grande le\u00e7on de Vie\" class=\"oew-grid-img\">\n\n\t\t\t\t\t\t\t\t\t\t\t\t<img loading=\"lazy\" decoding=\"async\" width=\"150\" height=\"150\" src=\"https:\/\/www.solidarsport.fr\/wp-content\/uploads\/2023\/05\/CamilleAudibert1-e1684403348749-150x150.jpg\" class=\"attachment-thumbnail size-thumbnail wp-post-image\" alt=\"Rencontre avec Camille Audibert : une grande le\u00e7on de Vie\" itemprop=\"image\" \/>\n\t\t\t\t\t\t\t\t\t\t\t\t<span class=\"overlay\">\n\t\t\t\t\t\t\t\t\t\t\t\t\t\t\t\t\t\t\t\t\t\t\t\t\t\t\t<span class=\"overlay-btn\">\n\t\t\t\t\t\t\t\t\t\t\t\t\t\t\tEn savoir plus\t\t\t\t\t\t\t\t\t\t\t\t\t\t<\/span>\n\t\t\t\t\t\t\t\t\t\t\t\t\t\t\t\t\t\t\t\t\t\t\t\t\t<\/span>\n\n\t\t\t\t\t\t\t\t\t\t\t<\/a>\n\n\t\t\t\t\t\t\t\t\t\t\t\n\t\t\t\t\t\t\t\t\t\t<\/div><!-- .oew-grid-media -->\n\n\t\t\t\t\t\t\t\t\t\n\t\t\t\t\t\t\t\t\t\n\t\t\t\t\t\t\t\t\t\t<div class=\"oew-grid-details match-height-content clr\">\n\n\t\t\t\t\t\t\t\t\t\t\t\n\t\t\t\t\t\t\t\t\t\t\t\t<h2 class=\"oew-grid-title entry-title\">\n\t\t\t\t\t\t\t\t\t\t\t\t\t<a href=\"https:\/\/www.solidarsport.fr\/index.php\/2023\/05\/18\/rencontre-avec-camille-audibert-une-grande-lecon-de-vie\/\" title=\"Rencontre avec Camille Audibert : une grande le\u00e7on de Vie\">Rencontre avec Camille Audibert : une grande le\u00e7on de Vie<\/a>\n\t\t\t\t\t\t\t\t\t\t\t\t<\/h2>\n\n\t\t\t\t\t\t\t\t\t\t\t\n\t\t\t\t\t\t\t\t\t\t\t\n\t\t\t\t\t\t\t\t\t\t\t\t<div class=\"oew-grid-excerpt clr\">\n\t\t\t\t\t\t\t\t\t\t\t\t\t23 \u00e9l\u00e8ves de CM2 de l'\u00e9cole Jean Mac\u00e9 2 \u00e0\u2026\t\t\t\t\t\t\t\t\t\t\t\t<\/div>\n\n\t\t\t\t\t\t\t\t\t\t\t\n\t\t\t\t\t\t\t\t\t\t<\/div><!-- .oew-grid-details -->\n\n\t\t\t\t\t\t\t\t\t\n\t\t\t\t\t\t\t\t\t\n\t\t\t\t\t\t\t\t<\/div>\n\n\t\t\t\t\t\t\t\n\t\t\t\t\t\t<\/article>\n\n\t\t\t\t\t\n\t\t\t\t\t\n\t\t\t\t\t\t<article id=\"post-3667\" class=\"oew-grid-entry clr post-3667 post type-post status-publish format-standard has-post-thumbnail hentry category-archives category-le-lien category-respect_primaires category-respect_marche entry has-media\">\n\n\t\t\t\t\t\t\t\n\t\t\t\t\t\t\t\t<div class=\"oew-grid-inner clr\">\n\n\t\t\t\t\t\t\t\t\t\n\t\t\t\t\t\t\t\t\t\t<div class=\"oew-grid-media clr\">\n\n\t\t\t\t\t\t\t\t\t\t\t<a href=\"https:\/\/www.solidarsport.fr\/index.php\/2018\/05\/17\/espe-6eme-edition\/\" title=\"ESPE : 6\u00e8me \u00e9dition\" class=\"oew-grid-img\">\n\n\t\t\t\t\t\t\t\t\t\t\t\t<img loading=\"lazy\" decoding=\"async\" width=\"150\" height=\"150\" src=\"https:\/\/www.solidarsport.fr\/wp-content\/uploads\/2018\/07\/ESPE-2018-05-17-150x150.jpeg\" class=\"attachment-thumbnail size-thumbnail wp-post-image\" alt=\"ESPE : 6\u00e8me \u00e9dition\" itemprop=\"image\" srcset=\"https:\/\/www.solidarsport.fr\/wp-content\/uploads\/2018\/07\/ESPE-2018-05-17-150x150.jpeg 150w, https:\/\/www.solidarsport.fr\/wp-content\/uploads\/2018\/07\/ESPE-2018-05-17-230x230.jpeg 230w, https:\/\/www.solidarsport.fr\/wp-content\/uploads\/2018\/07\/ESPE-2018-05-17-330x330.jpeg 330w\" sizes=\"(max-width: 150px) 100vw, 150px\" \/>\n\t\t\t\t\t\t\t\t\t\t\t\t<span class=\"overlay\">\n\t\t\t\t\t\t\t\t\t\t\t\t\t\t\t\t\t\t\t\t\t\t\t\t\t\t\t<span class=\"overlay-btn\">\n\t\t\t\t\t\t\t\t\t\t\t\t\t\t\tEn savoir plus\t\t\t\t\t\t\t\t\t\t\t\t\t\t<\/span>\n\t\t\t\t\t\t\t\t\t\t\t\t\t\t\t\t\t\t\t\t\t\t\t\t\t<\/span>\n\n\t\t\t\t\t\t\t\t\t\t\t<\/a>\n\n\t\t\t\t\t\t\t\t\t\t\t\n\t\t\t\t\t\t\t\t\t\t<\/div><!-- .oew-grid-media -->\n\n\t\t\t\t\t\t\t\t\t\n\t\t\t\t\t\t\t\t\t\n\t\t\t\t\t\t\t\t\t\t<div class=\"oew-grid-details match-height-content clr\">\n\n\t\t\t\t\t\t\t\t\t\t\t\n\t\t\t\t\t\t\t\t\t\t\t\t<h2 class=\"oew-grid-title entry-title\">\n\t\t\t\t\t\t\t\t\t\t\t\t\t<a href=\"https:\/\/www.solidarsport.fr\/index.php\/2018\/05\/17\/espe-6eme-edition\/\" title=\"ESPE : 6\u00e8me \u00e9dition\">ESPE : 6\u00e8me \u00e9dition<\/a>\n\t\t\t\t\t\t\t\t\t\t\t\t<\/h2>\n\n\t\t\t\t\t\t\t\t\t\t\t\n\t\t\t\t\t\t\t\t\t\t\t\n\t\t\t\t\t\t\t\t\t\t\t\t<div class=\"oew-grid-excerpt clr\">\n\t\t\t\t\t\t\t\t\t\t\t\t\tLes \u00e9coles Auber, Ronch\u00e8se, Th\u00e9r\u00e8se Rom\u00e9o 1 et 2 ont\u2026\t\t\t\t\t\t\t\t\t\t\t\t<\/div>\n\n\t\t\t\t\t\t\t\t\t\t\t\n\t\t\t\t\t\t\t\t\t\t<\/div><!-- .oew-grid-details -->\n\n\t\t\t\t\t\t\t\t\t\n\t\t\t\t\t\t\t\t\t\n\t\t\t\t\t\t\t\t<\/div>\n\n\t\t\t\t\t\t\t\n\t\t\t\t\t\t<\/article>\n\n\t\t\t\t\t\n\t\t\t\t\t\n\t\t\t\t\t\t<article id=\"post-3007\" class=\"oew-grid-entry clr post-3007 post type-post status-publish format-standard hentry category-archives category-respect_colleges category-respect_primaires category-respect_marche entry\">\n\n\t\t\t\t\t\t\t\n\t\t\t\t\t\t\t\t<div class=\"oew-grid-inner clr\">\n\n\t\t\t\t\t\t\t\t\t\n\t\t\t\t\t\t\t\t\t\n\t\t\t\t\t\t\t\t\t\t<div class=\"oew-grid-details match-height-content clr\">\n\n\t\t\t\t\t\t\t\t\t\t\t\n\t\t\t\t\t\t\t\t\t\t\t\t<h2 class=\"oew-grid-title entry-title\">\n\t\t\t\t\t\t\t\t\t\t\t\t\t<a href=\"https:\/\/www.solidarsport.fr\/index.php\/2016\/05\/13\/les-primaires-a-roland-garros\/\" title=\"Les primaires \u00e0 Roland Garros\">Les primaires \u00e0 Roland Garros<\/a>\n\t\t\t\t\t\t\t\t\t\t\t\t<\/h2>\n\n\t\t\t\t\t\t\t\t\t\t\t\n\t\t\t\t\t\t\t\t\t\t\t\n\t\t\t\t\t\t\t\t\t\t\t\t<div class=\"oew-grid-excerpt clr\">\n\t\t\t\t\t\t\t\t\t\t\t\t\t\t\t\t\t\t\t\t\t\t\t\t\t<\/div>\n\n\t\t\t\t\t\t\t\t\t\t\t\n\t\t\t\t\t\t\t\t\t\t<\/div><!-- .oew-grid-details -->\n\n\t\t\t\t\t\t\t\t\t\n\t\t\t\t\t\t\t\t\t\n\t\t\t\t\t\t\t\t<\/div>\n\n\t\t\t\t\t\t\t\n\t\t\t\t\t\t<\/article>\n\n\t\t\t\t\t\n\t\t\t\t\t\n\t\t\t<\/div><!-- .oew-blog-grid -->\n\n\t\t\t<div class=\"oceanwp-pagination clr\"><ul class='page-numbers'>\n\t<li><span aria-current=\"page\" class=\"page-numbers current\">1<\/span><\/li>\n\t<li><a class=\"page-numbers\" href=\"https:\/\/www.solidarsport.fr\/index.php\/wp-json\/wp\/v2\/pages\/4358\/page\/2\/\">2<\/a><\/li>\n\t<li><a class=\"page-numbers\" href=\"https:\/\/www.solidarsport.fr\/index.php\/wp-json\/wp\/v2\/pages\/4358\/page\/3\/\">3<\/a><\/li>\n\t<li><a class=\"page-numbers\" href=\"https:\/\/www.solidarsport.fr\/index.php\/wp-json\/wp\/v2\/pages\/4358\/page\/4\/\">4<\/a><\/li>\n\t<li><a class=\"next page-numbers\" href=\"https:\/\/www.solidarsport.fr\/index.php\/wp-json\/wp\/v2\/pages\/4358\/page\/2\/\"><span class=\"screen-reader-text\">Aller \u00e0 la page suivante<\/span><i class=\" fa fa-angle-right\" aria-hidden=\"true\" role=\"img\"><\/i><\/a><\/li>\n<\/ul>\n<\/div>\n\t\t\t\n\t\t\t\t\t\t<\/div>\n\t\t\t\t<\/div>\n\t\t\t\t\t<\/div>\n\t\t<\/div>\n\t\t\t\t\t<\/div>\n\t\t<\/section>\n\t\t\t\t<\/div>\n\t\t","protected":false},"excerpt":{"rendered":"<p>Nos actions au sein des \u00e9coles maternelles et primaires Toutes nos actions men\u00e9es en \u00e9cole primaires et maternelles&#8230; En savoir plus ESPE : 6\u00e8me \u00e9dition Les \u00e9coles Auber, Ronch\u00e8se, Th\u00e9r\u00e8se Rom\u00e9o 1 et 2 ont\u2026 Les primaires \u00e0 Roland Garros Le Solid@rsportrinitaire 2 jours \u00e0 l&rsquo;\u00e9cole AEP \u00e0 Hyvert Les \u00e9tudiants de l&rsquo;ESPE font leur [&hellip;]<\/p>\n","protected":false},"author":5,"featured_media":0,"parent":0,"menu_order":0,"comment_status":"closed","ping_status":"closed","template":"","meta":{"ocean_post_layout":"full-screen","ocean_both_sidebars_style":"","ocean_both_sidebars_content_width":0,"ocean_both_sidebars_sidebars_width":0,"ocean_sidebar":"0","ocean_second_sidebar":"0","ocean_disable_margins":"on","ocean_add_body_class":"","ocean_shortcode_before_top_bar":"","ocean_shortcode_after_top_bar":"","ocean_shortcode_before_header":"","ocean_shortcode_after_header":"","ocean_has_shortcode":"","ocean_shortcode_after_title":"","ocean_shortcode_before_footer_widgets":"","ocean_shortcode_after_footer_widgets":"","ocean_shortcode_before_footer_bottom":"","ocean_shortcode_after_footer_bottom":"","ocean_display_top_bar":"off","ocean_display_header":"default","ocean_header_style":"minimal","ocean_center_header_left_menu":"0","ocean_custom_header_template":"0","ocean_custom_logo":0,"ocean_custom_retina_logo":0,"ocean_custom_logo_max_width":0,"ocean_custom_logo_tablet_max_width":0,"ocean_custom_logo_mobile_max_width":0,"ocean_custom_logo_max_height":0,"ocean_custom_logo_tablet_max_height":0,"ocean_custom_logo_mobile_max_height":0,"ocean_header_custom_menu":"0","ocean_menu_typo_font_family":"0","ocean_menu_typo_font_subset":"","ocean_menu_typo_font_size":0,"ocean_menu_typo_font_size_tablet":0,"ocean_menu_typo_font_size_mobile":0,"ocean_menu_typo_font_size_unit":"px","ocean_menu_typo_font_weight":"","ocean_menu_typo_font_weight_tablet":"","ocean_menu_typo_font_weight_mobile":"","ocean_menu_typo_transform":"","ocean_menu_typo_transform_tablet":"","ocean_menu_typo_transform_mobile":"","ocean_menu_typo_line_height":0,"ocean_menu_typo_line_height_tablet":0,"ocean_menu_typo_line_height_mobile":0,"ocean_menu_typo_line_height_unit":"","ocean_menu_typo_spacing":0,"ocean_menu_typo_spacing_tablet":0,"ocean_menu_typo_spacing_mobile":0,"ocean_menu_typo_spacing_unit":"","ocean_menu_link_color":"","ocean_menu_link_color_hover":"","ocean_menu_link_color_active":"","ocean_menu_link_background":"","ocean_menu_link_hover_background":"","ocean_menu_link_active_background":"","ocean_menu_social_links_bg":"","ocean_menu_social_hover_links_bg":"","ocean_menu_social_links_color":"","ocean_menu_social_hover_links_color":"","ocean_disable_title":"on","ocean_disable_heading":"default","ocean_post_title":"","ocean_post_subheading":"","ocean_post_title_style":"","ocean_post_title_background_color":"","ocean_post_title_background":0,"ocean_post_title_bg_image_position":"","ocean_post_title_bg_image_attachment":"","ocean_post_title_bg_image_repeat":"","ocean_post_title_bg_image_size":"","ocean_post_title_height":0,"ocean_post_title_bg_overlay":0.5,"ocean_post_title_bg_overlay_color":"","ocean_disable_breadcrumbs":"default","ocean_breadcrumbs_color":"","ocean_breadcrumbs_separator_color":"","ocean_breadcrumbs_links_color":"","ocean_breadcrumbs_links_hover_color":"","ocean_display_footer_widgets":"default","ocean_display_footer_bottom":"default","ocean_custom_footer_template":"0","ofc_enable_fullscreen":"disable","ofc_fullscreen_speed":0,"ofc_fullscreen_nav":"enable","ofc_fullscreen_nav_pos":"right","ofc_fullscreen_nav_color":"","ofc_fullscreen_nav_tooltip_color":"","ofc_fullscreen_responsive":0,"osh_disable_topbar_sticky":"default","osh_disable_header_sticky":"default","osh_sticky_header_style":"default","osh_sticky_header_effect":"","osh_custom_sticky_logo":0,"osh_custom_retina_sticky_logo":0,"osh_custom_sticky_logo_height":0,"osh_background_color":"","osh_links_color":"","osh_links_hover_color":"","osh_links_active_color":"","osh_links_bg_color":"","osh_links_hover_bg_color":"","osh_links_active_bg_color":"","osh_menu_social_links_color":"","osh_menu_social_hover_links_color":"","footnotes":""},"class_list":["post-4358","page","type-page","status-publish","hentry","entry"],"_links":{"self":[{"href":"https:\/\/www.solidarsport.fr\/index.php\/wp-json\/wp\/v2\/pages\/4358","targetHints":{"allow":["GET"]}}],"collection":[{"href":"https:\/\/www.solidarsport.fr\/index.php\/wp-json\/wp\/v2\/pages"}],"about":[{"href":"https:\/\/www.solidarsport.fr\/index.php\/wp-json\/wp\/v2\/types\/page"}],"author":[{"embeddable":true,"href":"https:\/\/www.solidarsport.fr\/index.php\/wp-json\/wp\/v2\/users\/5"}],"replies":[{"embeddable":true,"href":"https:\/\/www.solidarsport.fr\/index.php\/wp-json\/wp\/v2\/comments?post=4358"}],"version-history":[{"count":0,"href":"https:\/\/www.solidarsport.fr\/index.php\/wp-json\/wp\/v2\/pages\/4358\/revisions"}],"wp:attachment":[{"href":"https:\/\/www.solidarsport.fr\/index.php\/wp-json\/wp\/v2\/media?parent=4358"}],"curies":[{"name":"wp","href":"https:\/\/api.w.org\/{rel}","templated":true}]}}