{"id":4033,"date":"2019-12-23T18:32:33","date_gmt":"2019-12-23T17:32:33","guid":{"rendered":"http:\/\/www.solidarsport.fr\/?page_id=4033"},"modified":"2022-09-19T15:23:11","modified_gmt":"2022-09-19T13:23:11","slug":"blog-2","status":"publish","type":"page","link":"https:\/\/www.solidarsport.fr\/index.php\/blog-2\/","title":{"rendered":"Blog"},"content":{"rendered":"\t\t<div data-elementor-type=\"wp-page\" data-elementor-id=\"4033\" class=\"elementor elementor-4033\">\n\t\t\t\t\t\t<section class=\"elementor-section elementor-top-section elementor-element elementor-element-5483685e elementor-section-content-middle elementor-section-boxed elementor-section-height-default elementor-section-height-default\" data-id=\"5483685e\" data-element_type=\"section\" data-e-type=\"section\" data-settings=\"{&quot;background_background&quot;:&quot;gradient&quot;,&quot;shape_divider_bottom&quot;:&quot;mountains&quot;}\">\n\t\t\t\t\t<div class=\"elementor-shape elementor-shape-bottom\" aria-hidden=\"true\" data-negative=\"false\">\n\t\t\t<svg xmlns=\"http:\/\/www.w3.org\/2000\/svg\" viewBox=\"0 0 1000 100\" preserveAspectRatio=\"none\">\n\t<path class=\"elementor-shape-fill\" opacity=\"0.33\" d=\"M473,67.3c-203.9,88.3-263.1-34-320.3,0C66,119.1,0,59.7,0,59.7V0h1000v59.7 c0,0-62.1,26.1-94.9,29.3c-32.8,3.3-62.8-12.3-75.8-22.1C806,49.6,745.3,8.7,694.9,4.7S492.4,59,473,67.3z\"\/>\n\t<path class=\"elementor-shape-fill\" opacity=\"0.66\" d=\"M734,67.3c-45.5,0-77.2-23.2-129.1-39.1c-28.6-8.7-150.3-10.1-254,39.1 s-91.7-34.4-149.2,0C115.7,118.3,0,39.8,0,39.8V0h1000v36.5c0,0-28.2-18.5-92.1-18.5C810.2,18.1,775.7,67.3,734,67.3z\"\/>\n\t<path class=\"elementor-shape-fill\" d=\"M766.1,28.9c-200-57.5-266,65.5-395.1,19.5C242,1.8,242,5.4,184.8,20.6C128,35.8,132.3,44.9,89.9,52.5C28.6,63.7,0,0,0,0 h1000c0,0-9.9,40.9-83.6,48.1S829.6,47,766.1,28.9z\"\/>\n<\/svg>\t\t<\/div>\n\t\t\t\t\t<div class=\"elementor-container elementor-column-gap-no\">\n\t\t\t\t\t<div class=\"elementor-column elementor-col-50 elementor-top-column elementor-element elementor-element-2c2651a4\" data-id=\"2c2651a4\" data-element_type=\"column\" data-e-type=\"column\">\n\t\t\t<div class=\"elementor-widget-wrap elementor-element-populated\">\n\t\t\t\t\t\t<div class=\"elementor-element elementor-element-57311b26 elementor-widget elementor-widget-heading\" data-id=\"57311b26\" data-element_type=\"widget\" data-e-type=\"widget\" data-widget_type=\"heading.default\">\n\t\t\t\t<div class=\"elementor-widget-container\">\n\t\t\t\t\t<h1 class=\"elementor-heading-title elementor-size-default\">NOS ACTIONS<\/h1>\t\t\t\t<\/div>\n\t\t\t\t<\/div>\n\t\t\t\t<div class=\"elementor-element elementor-element-46eb959 elementor-widget elementor-widget-text-editor\" data-id=\"46eb959\" data-element_type=\"widget\" data-e-type=\"widget\" data-widget_type=\"text-editor.default\">\n\t\t\t\t<div class=\"elementor-widget-container\">\n\t\t\t\t\t\t\t\t\t<p>Solidarsport ne s&rsquo;arr\u00eate jamais !<br \/>Forte d&rsquo;une \u00e9quipe motiv\u00e9e, notre association a une activit\u00e9 d\u00e9bordante : actions dans les \u00e9tablissements scolaires, r\u00e9union de pr\u00e9paration, prix de la citoyennet\u00e9&#8230; Tous ces \u00e9v\u00e8nements font l&rsquo;objet d&rsquo;un reportage photos complet !<\/p><p>\u00a0<\/p>\t\t\t\t\t\t\t\t<\/div>\n\t\t\t\t<\/div>\n\t\t\t\t\t<\/div>\n\t\t<\/div>\n\t\t\t\t<div class=\"elementor-column elementor-col-50 elementor-top-column elementor-element elementor-element-6f5d4db0\" data-id=\"6f5d4db0\" data-element_type=\"column\" data-e-type=\"column\">\n\t\t\t<div class=\"elementor-widget-wrap elementor-element-populated\">\n\t\t\t\t\t\t<div class=\"elementor-element elementor-element-3c36f1c elementor-hidden-desktop elementor-hidden-tablet elementor-widget elementor-widget-image\" data-id=\"3c36f1c\" data-element_type=\"widget\" data-e-type=\"widget\" data-widget_type=\"image.default\">\n\t\t\t\t<div class=\"elementor-widget-container\">\n\t\t\t\t\t\t\t\t\t\t\t\t\t\t\t<img fetchpriority=\"high\" decoding=\"async\" width=\"300\" height=\"172\" src=\"https:\/\/www.solidarsport.fr\/wp-content\/uploads\/2020\/02\/photography-2188440_1920-300x172.jpg\" class=\"attachment-medium size-medium wp-image-4696\" alt=\"\" srcset=\"https:\/\/www.solidarsport.fr\/wp-content\/uploads\/2020\/02\/photography-2188440_1920-300x172.jpg 300w, https:\/\/www.solidarsport.fr\/wp-content\/uploads\/2020\/02\/photography-2188440_1920-1024x586.jpg 1024w, https:\/\/www.solidarsport.fr\/wp-content\/uploads\/2020\/02\/photography-2188440_1920-768x439.jpg 768w, https:\/\/www.solidarsport.fr\/wp-content\/uploads\/2020\/02\/photography-2188440_1920-1536x878.jpg 1536w, https:\/\/www.solidarsport.fr\/wp-content\/uploads\/2020\/02\/photography-2188440_1920.jpg 1920w\" sizes=\"(max-width: 300px) 100vw, 300px\" \/>\t\t\t\t\t\t\t\t\t\t\t\t\t\t\t<\/div>\n\t\t\t\t<\/div>\n\t\t\t\t<div class=\"elementor-element elementor-element-b127eeb elementor-hidden-mobile elementor-widget elementor-widget-image\" data-id=\"b127eeb\" data-element_type=\"widget\" data-e-type=\"widget\" data-widget_type=\"image.default\">\n\t\t\t\t<div class=\"elementor-widget-container\">\n\t\t\t\t\t\t\t\t\t\t\t\t\t\t\t<img decoding=\"async\" width=\"1920\" height=\"1098\" src=\"https:\/\/www.solidarsport.fr\/wp-content\/uploads\/2020\/02\/photography-2188440_1920.jpg\" class=\"attachment-full size-full wp-image-4696\" alt=\"\" srcset=\"https:\/\/www.solidarsport.fr\/wp-content\/uploads\/2020\/02\/photography-2188440_1920.jpg 1920w, https:\/\/www.solidarsport.fr\/wp-content\/uploads\/2020\/02\/photography-2188440_1920-300x172.jpg 300w, https:\/\/www.solidarsport.fr\/wp-content\/uploads\/2020\/02\/photography-2188440_1920-1024x586.jpg 1024w, https:\/\/www.solidarsport.fr\/wp-content\/uploads\/2020\/02\/photography-2188440_1920-768x439.jpg 768w, https:\/\/www.solidarsport.fr\/wp-content\/uploads\/2020\/02\/photography-2188440_1920-1536x878.jpg 1536w\" sizes=\"(max-width: 1920px) 100vw, 1920px\" \/>\t\t\t\t\t\t\t\t\t\t\t\t\t\t\t<\/div>\n\t\t\t\t<\/div>\n\t\t\t\t\t<\/div>\n\t\t<\/div>\n\t\t\t\t\t<\/div>\n\t\t<\/section>\n\t\t\t\t<section class=\"elementor-section elementor-top-section elementor-element elementor-element-aa9a5e6 elementor-section-boxed elementor-section-height-default elementor-section-height-default\" data-id=\"aa9a5e6\" data-element_type=\"section\" data-e-type=\"section\">\n\t\t\t\t\t\t<div class=\"elementor-container elementor-column-gap-default\">\n\t\t\t\t\t<div class=\"elementor-column elementor-col-100 elementor-top-column elementor-element elementor-element-9fa699f\" data-id=\"9fa699f\" data-element_type=\"column\" data-e-type=\"column\">\n\t\t\t<div class=\"elementor-widget-wrap elementor-element-populated\">\n\t\t\t\t\t\t<div class=\"elementor-element elementor-element-3298cf3 elementor-widget elementor-widget-spacer\" data-id=\"3298cf3\" data-element_type=\"widget\" data-e-type=\"widget\" data-widget_type=\"spacer.default\">\n\t\t\t\t<div class=\"elementor-widget-container\">\n\t\t\t\t\t\t\t<div class=\"elementor-spacer\">\n\t\t\t<div class=\"elementor-spacer-inner\"><\/div>\n\t\t<\/div>\n\t\t\t\t\t\t<\/div>\n\t\t\t\t<\/div>\n\t\t\t\t\t<\/div>\n\t\t<\/div>\n\t\t\t\t\t<\/div>\n\t\t<\/section>\n\t\t\t\t<section class=\"elementor-section elementor-top-section elementor-element elementor-element-eeb6ce5 elementor-section-height-min-height elementor-section-boxed elementor-section-height-default elementor-section-items-middle\" data-id=\"eeb6ce5\" data-element_type=\"section\" data-e-type=\"section\" data-settings=\"{&quot;background_background&quot;:&quot;classic&quot;}\">\n\t\t\t\t\t\t<div class=\"elementor-container elementor-column-gap-default\">\n\t\t\t\t\t<div class=\"elementor-column elementor-col-33 elementor-top-column elementor-element elementor-element-9b1da0c\" data-id=\"9b1da0c\" data-element_type=\"column\" data-e-type=\"column\">\n\t\t\t<div class=\"elementor-widget-wrap elementor-element-populated\">\n\t\t\t\t\t\t<div class=\"elementor-element elementor-element-7e6a712 elementor-widget elementor-widget-heading\" data-id=\"7e6a712\" data-element_type=\"widget\" data-e-type=\"widget\" data-widget_type=\"heading.default\">\n\t\t\t\t<div class=\"elementor-widget-container\">\n\t\t\t\t\t<h2 class=\"elementor-heading-title elementor-size-default\">Recherchez une action :<\/h2>\t\t\t\t<\/div>\n\t\t\t\t<\/div>\n\t\t\t\t\t<\/div>\n\t\t<\/div>\n\t\t\t\t<div class=\"elementor-column elementor-col-33 elementor-top-column elementor-element elementor-element-bfef99e\" data-id=\"bfef99e\" data-element_type=\"column\" data-e-type=\"column\">\n\t\t\t<div class=\"elementor-widget-wrap elementor-element-populated\">\n\t\t\t\t\t\t<div class=\"elementor-element elementor-element-96d15b9 elementor-widget elementor-widget-wp-widget-search\" data-id=\"96d15b9\" data-element_type=\"widget\" data-e-type=\"widget\" data-widget_type=\"wp-widget-search.default\">\n\t\t\t\t<div class=\"elementor-widget-container\">\n\t\t\t\t\t\n<form aria-label=\"Rechercher sur ce site\" role=\"search\" method=\"get\" class=\"searchform\" action=\"https:\/\/www.solidarsport.fr\/\">\t\n\t<input aria-label=\"Ins\u00e9rer une requ\u00eate de recherche\" type=\"search\" id=\"ocean-search-form-1\" class=\"field\" autocomplete=\"off\" placeholder=\"Rechercher\" name=\"s\">\n\t\t<\/form>\n\t\t\t\t<\/div>\n\t\t\t\t<\/div>\n\t\t\t\t\t<\/div>\n\t\t<\/div>\n\t\t\t\t<div class=\"elementor-column elementor-col-33 elementor-top-column elementor-element elementor-element-fc9666d\" data-id=\"fc9666d\" data-element_type=\"column\" data-e-type=\"column\">\n\t\t\t<div class=\"elementor-widget-wrap\">\n\t\t\t\t\t\t\t<\/div>\n\t\t<\/div>\n\t\t\t\t\t<\/div>\n\t\t<\/section>\n\t\t\t\t<section class=\"elementor-section elementor-top-section elementor-element elementor-element-421bb4c elementor-section-boxed elementor-section-height-default elementor-section-height-default\" data-id=\"421bb4c\" data-element_type=\"section\" data-e-type=\"section\" data-settings=\"{&quot;background_background&quot;:&quot;classic&quot;,&quot;shape_divider_top&quot;:&quot;curve&quot;,&quot;shape_divider_bottom&quot;:&quot;curve&quot;}\">\n\t\t\t\t\t<div class=\"elementor-shape elementor-shape-top\" aria-hidden=\"true\" data-negative=\"false\">\n\t\t\t<svg xmlns=\"http:\/\/www.w3.org\/2000\/svg\" viewBox=\"0 0 1000 100\" preserveAspectRatio=\"none\">\n    <path class=\"elementor-shape-fill\" d=\"M1000,4.3V0H0v4.3C0.9,23.1,126.7,99.2,500,100S1000,22.7,1000,4.3z\"\/>\n<\/svg>\t\t<\/div>\n\t\t\t\t<div class=\"elementor-shape elementor-shape-bottom\" aria-hidden=\"true\" data-negative=\"false\">\n\t\t\t<svg xmlns=\"http:\/\/www.w3.org\/2000\/svg\" viewBox=\"0 0 1000 100\" preserveAspectRatio=\"none\">\n    <path class=\"elementor-shape-fill\" d=\"M1000,4.3V0H0v4.3C0.9,23.1,126.7,99.2,500,100S1000,22.7,1000,4.3z\"\/>\n<\/svg>\t\t<\/div>\n\t\t\t\t\t<div class=\"elementor-container elementor-column-gap-default\">\n\t\t\t\t\t<div class=\"elementor-column elementor-col-100 elementor-top-column elementor-element elementor-element-9e473e5\" data-id=\"9e473e5\" data-element_type=\"column\" data-e-type=\"column\">\n\t\t\t<div class=\"elementor-widget-wrap elementor-element-populated\">\n\t\t\t\t\t\t<div class=\"elementor-element elementor-element-b4482d5 elementor-widget elementor-widget-oew-blog-grid\" data-id=\"b4482d5\" data-element_type=\"widget\" data-e-type=\"widget\" data-widget_type=\"oew-blog-grid.default\">\n\t\t\t\t<div class=\"elementor-widget-container\">\n\t\t\t\t\t\n\t\t\t<div class=\"oew-blog-grid clr match-height-grid\" data-desktop-columns=2  >\n\n\t\t\t\t\n\t\t\t\t\t\t<article id=\"post-6700\" class=\"oew-grid-entry clr post-6700 post type-post status-publish format-standard has-post-thumbnail hentry category-actus category-archives category-le-lien category-respect_marche tag-carros-sport-inclusion tag-championnat-du-monde-daviron-indoor tag-csi tag-partenariat entry has-media\">\n\n\t\t\t\t\t\t\t\n\t\t\t\t\t\t\t\t<div class=\"oew-grid-inner clr\">\n\n\t\t\t\t\t\t\t\t\t\n\t\t\t\t\t\t\t\t\t\t<div class=\"oew-grid-media clr\">\n\n\t\t\t\t\t\t\t\t\t\t\t<a href=\"https:\/\/www.solidarsport.fr\/index.php\/2026\/02\/11\/partenariat-avec-carros-sport-inclusion\/\" title=\"Partenariat avec Carros Sport Inclusion\" class=\"oew-grid-img\">\n\n\t\t\t\t\t\t\t\t\t\t\t\t<img decoding=\"async\" width=\"600\" height=\"600\" src=\"https:\/\/www.solidarsport.fr\/wp-content\/uploads\/2026\/02\/PhotoCarrosSportInclusion-600x600.webp\" class=\"attachment-ocean-thumb-m size-ocean-thumb-m wp-post-image\" alt=\"Partenariat avec Carros Sport Inclusion\" itemprop=\"image\" srcset=\"https:\/\/www.solidarsport.fr\/wp-content\/uploads\/2026\/02\/PhotoCarrosSportInclusion-600x600.webp 600w, https:\/\/www.solidarsport.fr\/wp-content\/uploads\/2026\/02\/PhotoCarrosSportInclusion-150x150.webp 150w\" sizes=\"(max-width: 600px) 100vw, 600px\" \/>\n\t\t\t\t\t\t\t\t\t\t\t\t<span class=\"overlay\">\n\t\t\t\t\t\t\t\t\t\t\t\t\t\t\t\t\t\t\t\t\t\t\t\t\t\t\t<span class=\"overlay-btn\">\n\t\t\t\t\t\t\t\t\t\t\t\t\t\t\tEn savoir plus\t\t\t\t\t\t\t\t\t\t\t\t\t\t<\/span>\n\t\t\t\t\t\t\t\t\t\t\t\t\t\t\t\t\t\t\t\t\t\t\t\t\t<\/span>\n\n\t\t\t\t\t\t\t\t\t\t\t<\/a>\n\n\t\t\t\t\t\t\t\t\t\t\t\n\t\t\t\t\t\t\t\t\t\t<\/div><!-- .oew-grid-media -->\n\n\t\t\t\t\t\t\t\t\t\n\t\t\t\t\t\t\t\t\t\n\t\t\t\t\t\t\t\t\t\t<div class=\"oew-grid-details match-height-content clr\">\n\n\t\t\t\t\t\t\t\t\t\t\t\n\t\t\t\t\t\t\t\t\t\t\t\t<h1 class=\"oew-grid-title entry-title\">\n\t\t\t\t\t\t\t\t\t\t\t\t\t<a href=\"https:\/\/www.solidarsport.fr\/index.php\/2026\/02\/11\/partenariat-avec-carros-sport-inclusion\/\" title=\"Partenariat avec Carros Sport Inclusion\">Partenariat avec Carros Sport Inclusion<\/a>\n\t\t\t\t\t\t\t\t\t\t\t\t<\/h1>\n\n\t\t\t\t\t\t\t\t\t\t\t\n\t\t\t\t\t\t\t\t\t\t\t\n\t\t\t\t\t\t\t\t\t\t\t\t<div class=\"oew-grid-excerpt clr\">\n\t\t\t\t\t\t\t\t\t\t\t\t\tD\u00e9couvrez cette association qui va organiser le Championnat du Monde d'Aviron Indoor.\u00a0 Cliquez ici\t\t\t\t\t\t\t\t\t\t\t\t<\/div>\n\n\t\t\t\t\t\t\t\t\t\t\t\n\t\t\t\t\t\t\t\t\t\t<\/div><!-- .oew-grid-details -->\n\n\t\t\t\t\t\t\t\t\t\n\t\t\t\t\t\t\t\t\t\n\t\t\t\t\t\t\t\t\t\t<ul class=\"oew-grid-meta clr\">\n\n\t\t\t\t\t\t\t\t\t\t\t\n\t\t\t\t\t\t\t\t\t\t\t\t\t\t\t\t\t\t\t\t\t\t\t<li class=\"meta-cat\"><i class=\" icon-folder\" aria-hidden=\"true\" role=\"img\"><\/i><a href=\"https:\/\/www.solidarsport.fr\/index.php\/category\/actus\/\" rel=\"category tag\">actus<\/a> \/ <a href=\"https:\/\/www.solidarsport.fr\/index.php\/category\/archives\/\" rel=\"category tag\">archives<\/a> \/ <a href=\"https:\/\/www.solidarsport.fr\/index.php\/category\/le-lien\/\" rel=\"category tag\">Le Lien<\/a> \/ <a href=\"https:\/\/www.solidarsport.fr\/index.php\/category\/respect_marche\/\" rel=\"category tag\">Nos actions<\/a><\/li>\n\t\t\t\t\t\t\t\t\t\t\t\n\t\t\t\t\t\t\t\t\t\t<\/ul>\n\n\t\t\t\t\t\t\t\t\t\n\t\t\t\t\t\t\t\t<\/div>\n\n\t\t\t\t\t\t\t\n\t\t\t\t\t\t<\/article>\n\n\t\t\t\t\t\n\t\t\t\t\t\n\t\t\t\t\t\t<article id=\"post-6691\" class=\"oew-grid-entry clr post-6691 post type-post status-publish format-standard has-post-thumbnail hentry category-actus category-archives category-le-lien category-respect_marche tag-assemblee-generale entry has-media\">\n\n\t\t\t\t\t\t\t\n\t\t\t\t\t\t\t\t<div class=\"oew-grid-inner clr\">\n\n\t\t\t\t\t\t\t\t\t\n\t\t\t\t\t\t\t\t\t\t<div class=\"oew-grid-media clr\">\n\n\t\t\t\t\t\t\t\t\t\t\t<a href=\"https:\/\/www.solidarsport.fr\/index.php\/2026\/02\/11\/assemblee-generale-ordinaire-01-2026\/\" title=\"Assembl\u00e9e G\u00e9n\u00e9rale Ordinaire\" class=\"oew-grid-img\">\n\n\t\t\t\t\t\t\t\t\t\t\t\t<img loading=\"lazy\" decoding=\"async\" width=\"600\" height=\"600\" src=\"https:\/\/www.solidarsport.fr\/wp-content\/uploads\/2026\/02\/AG-27-01-26-600x600.webp\" class=\"attachment-ocean-thumb-m size-ocean-thumb-m wp-post-image\" alt=\"Assembl\u00e9e G\u00e9n\u00e9rale Ordinaire\" itemprop=\"image\" srcset=\"https:\/\/www.solidarsport.fr\/wp-content\/uploads\/2026\/02\/AG-27-01-26-600x600.webp 600w, https:\/\/www.solidarsport.fr\/wp-content\/uploads\/2026\/02\/AG-27-01-26-150x150.webp 150w\" sizes=\"(max-width: 600px) 100vw, 600px\" \/>\n\t\t\t\t\t\t\t\t\t\t\t\t<span class=\"overlay\">\n\t\t\t\t\t\t\t\t\t\t\t\t\t\t\t\t\t\t\t\t\t\t\t\t\t\t\t<span class=\"overlay-btn\">\n\t\t\t\t\t\t\t\t\t\t\t\t\t\t\tEn savoir plus\t\t\t\t\t\t\t\t\t\t\t\t\t\t<\/span>\n\t\t\t\t\t\t\t\t\t\t\t\t\t\t\t\t\t\t\t\t\t\t\t\t\t<\/span>\n\n\t\t\t\t\t\t\t\t\t\t\t<\/a>\n\n\t\t\t\t\t\t\t\t\t\t\t\n\t\t\t\t\t\t\t\t\t\t<\/div><!-- .oew-grid-media -->\n\n\t\t\t\t\t\t\t\t\t\n\t\t\t\t\t\t\t\t\t\n\t\t\t\t\t\t\t\t\t\t<div class=\"oew-grid-details match-height-content clr\">\n\n\t\t\t\t\t\t\t\t\t\t\t\n\t\t\t\t\t\t\t\t\t\t\t\t<h1 class=\"oew-grid-title entry-title\">\n\t\t\t\t\t\t\t\t\t\t\t\t\t<a href=\"https:\/\/www.solidarsport.fr\/index.php\/2026\/02\/11\/assemblee-generale-ordinaire-01-2026\/\" title=\"Assembl\u00e9e G\u00e9n\u00e9rale Ordinaire\">Assembl\u00e9e G\u00e9n\u00e9rale Ordinaire<\/a>\n\t\t\t\t\t\t\t\t\t\t\t\t<\/h1>\n\n\t\t\t\t\t\t\t\t\t\t\t\n\t\t\t\t\t\t\t\t\t\t\t\n\t\t\t\t\t\t\t\t\t\t\t\t<div class=\"oew-grid-excerpt clr\">\n\t\t\t\t\t\t\t\t\t\t\t\t\tD\u00e9couvrez notre nouvelle organisation et nos nouveaux projets. Cliquez ici\t\t\t\t\t\t\t\t\t\t\t\t<\/div>\n\n\t\t\t\t\t\t\t\t\t\t\t\n\t\t\t\t\t\t\t\t\t\t<\/div><!-- .oew-grid-details -->\n\n\t\t\t\t\t\t\t\t\t\n\t\t\t\t\t\t\t\t\t\n\t\t\t\t\t\t\t\t\t\t<ul class=\"oew-grid-meta clr\">\n\n\t\t\t\t\t\t\t\t\t\t\t\n\t\t\t\t\t\t\t\t\t\t\t\t\t\t\t\t\t\t\t\t\t\t\t<li class=\"meta-cat\"><i class=\" icon-folder\" aria-hidden=\"true\" role=\"img\"><\/i><a href=\"https:\/\/www.solidarsport.fr\/index.php\/category\/actus\/\" rel=\"category tag\">actus<\/a> \/ <a href=\"https:\/\/www.solidarsport.fr\/index.php\/category\/archives\/\" rel=\"category tag\">archives<\/a> \/ <a href=\"https:\/\/www.solidarsport.fr\/index.php\/category\/le-lien\/\" rel=\"category tag\">Le Lien<\/a> \/ <a href=\"https:\/\/www.solidarsport.fr\/index.php\/category\/respect_marche\/\" rel=\"category tag\">Nos actions<\/a><\/li>\n\t\t\t\t\t\t\t\t\t\t\t\n\t\t\t\t\t\t\t\t\t\t<\/ul>\n\n\t\t\t\t\t\t\t\t\t\n\t\t\t\t\t\t\t\t<\/div>\n\n\t\t\t\t\t\t\t\n\t\t\t\t\t\t<\/article>\n\n\t\t\t\t\t\n\t\t\t\t\t\n\t\t\t\t\t\t<article id=\"post-6672\" class=\"oew-grid-entry clr post-6672 post type-post status-publish format-standard has-post-thumbnail hentry category-actus category-archives category-le-lien category-non-classe category-respect_marche tag-604 tag-action tag-decembre tag-unss entry has-media\">\n\n\t\t\t\t\t\t\t\n\t\t\t\t\t\t\t\t<div class=\"oew-grid-inner clr\">\n\n\t\t\t\t\t\t\t\t\t\n\t\t\t\t\t\t\t\t\t\t<div class=\"oew-grid-media clr\">\n\n\t\t\t\t\t\t\t\t\t\t\t<a href=\"https:\/\/www.solidarsport.fr\/index.php\/2026\/01\/07\/le-lien-de-decembre-2025\/\" title=\"Le Lien de D\u00e9cembre 2025\" class=\"oew-grid-img\">\n\n\t\t\t\t\t\t\t\t\t\t\t\t<img loading=\"lazy\" decoding=\"async\" width=\"600\" height=\"600\" src=\"https:\/\/www.solidarsport.fr\/wp-content\/uploads\/2026\/01\/PhotoLeLien202512-600x600.webp\" class=\"attachment-ocean-thumb-m size-ocean-thumb-m wp-post-image\" alt=\"Le Lien de D\u00e9cembre 2025\" itemprop=\"image\" srcset=\"https:\/\/www.solidarsport.fr\/wp-content\/uploads\/2026\/01\/PhotoLeLien202512-600x600.webp 600w, https:\/\/www.solidarsport.fr\/wp-content\/uploads\/2026\/01\/PhotoLeLien202512-150x150.webp 150w\" sizes=\"(max-width: 600px) 100vw, 600px\" \/>\n\t\t\t\t\t\t\t\t\t\t\t\t<span class=\"overlay\">\n\t\t\t\t\t\t\t\t\t\t\t\t\t\t\t\t\t\t\t\t\t\t\t\t\t\t\t<span class=\"overlay-btn\">\n\t\t\t\t\t\t\t\t\t\t\t\t\t\t\tEn savoir plus\t\t\t\t\t\t\t\t\t\t\t\t\t\t<\/span>\n\t\t\t\t\t\t\t\t\t\t\t\t\t\t\t\t\t\t\t\t\t\t\t\t\t<\/span>\n\n\t\t\t\t\t\t\t\t\t\t\t<\/a>\n\n\t\t\t\t\t\t\t\t\t\t\t\n\t\t\t\t\t\t\t\t\t\t<\/div><!-- .oew-grid-media -->\n\n\t\t\t\t\t\t\t\t\t\n\t\t\t\t\t\t\t\t\t\n\t\t\t\t\t\t\t\t\t\t<div class=\"oew-grid-details match-height-content clr\">\n\n\t\t\t\t\t\t\t\t\t\t\t\n\t\t\t\t\t\t\t\t\t\t\t\t<h1 class=\"oew-grid-title entry-title\">\n\t\t\t\t\t\t\t\t\t\t\t\t\t<a href=\"https:\/\/www.solidarsport.fr\/index.php\/2026\/01\/07\/le-lien-de-decembre-2025\/\" title=\"Le Lien de D\u00e9cembre 2025\">Le Lien de D\u00e9cembre 2025<\/a>\n\t\t\t\t\t\t\t\t\t\t\t\t<\/h1>\n\n\t\t\t\t\t\t\t\t\t\t\t\n\t\t\t\t\t\t\t\t\t\t\t\n\t\t\t\t\t\t\t\t\t\t\t\t<div class=\"oew-grid-excerpt clr\">\n\t\t\t\t\t\t\t\t\t\t\t\t\tD\u00e9couvrez les diff\u00e9rentes manifestations auxquelles nous avons particip\u00e9.\u00a0 Cliquez ici\t\t\t\t\t\t\t\t\t\t\t\t<\/div>\n\n\t\t\t\t\t\t\t\t\t\t\t\n\t\t\t\t\t\t\t\t\t\t<\/div><!-- .oew-grid-details -->\n\n\t\t\t\t\t\t\t\t\t\n\t\t\t\t\t\t\t\t\t\n\t\t\t\t\t\t\t\t\t\t<ul class=\"oew-grid-meta clr\">\n\n\t\t\t\t\t\t\t\t\t\t\t\n\t\t\t\t\t\t\t\t\t\t\t\t\t\t\t\t\t\t\t\t\t\t\t<li class=\"meta-cat\"><i class=\" icon-folder\" aria-hidden=\"true\" role=\"img\"><\/i><a href=\"https:\/\/www.solidarsport.fr\/index.php\/category\/actus\/\" rel=\"category tag\">actus<\/a> \/ <a href=\"https:\/\/www.solidarsport.fr\/index.php\/category\/archives\/\" rel=\"category tag\">archives<\/a> \/ <a href=\"https:\/\/www.solidarsport.fr\/index.php\/category\/le-lien\/\" rel=\"category tag\">Le Lien<\/a> \/ <a href=\"https:\/\/www.solidarsport.fr\/index.php\/category\/non-classe\/\" rel=\"category tag\">Non class\u00e9<\/a> \/ <a href=\"https:\/\/www.solidarsport.fr\/index.php\/category\/respect_marche\/\" rel=\"category tag\">Nos actions<\/a><\/li>\n\t\t\t\t\t\t\t\t\t\t\t\n\t\t\t\t\t\t\t\t\t\t<\/ul>\n\n\t\t\t\t\t\t\t\t\t\n\t\t\t\t\t\t\t\t<\/div>\n\n\t\t\t\t\t\t\t\n\t\t\t\t\t\t<\/article>\n\n\t\t\t\t\t\n\t\t\t\t\t\n\t\t\t\t\t\t<article id=\"post-6660\" class=\"oew-grid-entry clr post-6660 post type-post status-publish format-standard has-post-thumbnail hentry category-actus category-archives category-le-lien category-respect_marche tag-academie-de-nice tag-aiglun tag-anthony-salomone tag-association-au-coeur-ouvert tag-carros-sport-inclusion-csi tag-cassandre-elemento-2 tag-cavl tag-clemence-carles tag-croix-rouge tag-cross-departemental tag-defimed tag-defit-solidarsport tag-didier-giordano tag-ehpad tag-fatma-noomane tag-festival-breen-tv tag-fondation-de-cessole tag-gattieres tag-gerard-louis-bosio tag-inserm tag-jamila-et-robert-sellem tag-julia-salasca tag-karen-charneau tag-le-broc tag-louis-casa tag-lycee-les-palmiers tag-lycee-saint-exupery tag-maire-daiglun-2 tag-michel-minetti tag-murielle-bauchet tag-patrick-fenasse tag-peter-igor-van-moock tag-pole-terrain-action tag-pole-terrain-labellisation tag-poles-finances-et-entreprises tag-pr-christian-pradier tag-sandrine-agnelli tag-stephane-eyrard tag-stephane-grac tag-sylvie-penicaut-2 tag-unss tag-vence entry has-media\">\n\n\t\t\t\t\t\t\t\n\t\t\t\t\t\t\t\t<div class=\"oew-grid-inner clr\">\n\n\t\t\t\t\t\t\t\t\t\n\t\t\t\t\t\t\t\t\t\t<div class=\"oew-grid-media clr\">\n\n\t\t\t\t\t\t\t\t\t\t\t<a href=\"https:\/\/www.solidarsport.fr\/index.php\/2025\/12\/17\/titre-reunion-de-travail\/\" title=\"R\u00e9union de travail\" class=\"oew-grid-img\">\n\n\t\t\t\t\t\t\t\t\t\t\t\t<img loading=\"lazy\" decoding=\"async\" width=\"600\" height=\"600\" src=\"https:\/\/www.solidarsport.fr\/wp-content\/uploads\/2025\/12\/Reunion20251129-2048-600x600.webp\" class=\"attachment-ocean-thumb-m size-ocean-thumb-m wp-post-image\" alt=\"R\u00e9union de travail\" itemprop=\"image\" srcset=\"https:\/\/www.solidarsport.fr\/wp-content\/uploads\/2025\/12\/Reunion20251129-2048-600x600.webp 600w, https:\/\/www.solidarsport.fr\/wp-content\/uploads\/2025\/12\/Reunion20251129-2048-150x150.webp 150w\" sizes=\"(max-width: 600px) 100vw, 600px\" \/>\n\t\t\t\t\t\t\t\t\t\t\t\t<span class=\"overlay\">\n\t\t\t\t\t\t\t\t\t\t\t\t\t\t\t\t\t\t\t\t\t\t\t\t\t\t\t<span class=\"overlay-btn\">\n\t\t\t\t\t\t\t\t\t\t\t\t\t\t\tEn savoir plus\t\t\t\t\t\t\t\t\t\t\t\t\t\t<\/span>\n\t\t\t\t\t\t\t\t\t\t\t\t\t\t\t\t\t\t\t\t\t\t\t\t\t<\/span>\n\n\t\t\t\t\t\t\t\t\t\t\t<\/a>\n\n\t\t\t\t\t\t\t\t\t\t\t\n\t\t\t\t\t\t\t\t\t\t<\/div><!-- .oew-grid-media -->\n\n\t\t\t\t\t\t\t\t\t\n\t\t\t\t\t\t\t\t\t\n\t\t\t\t\t\t\t\t\t\t<div class=\"oew-grid-details match-height-content clr\">\n\n\t\t\t\t\t\t\t\t\t\t\t\n\t\t\t\t\t\t\t\t\t\t\t\t<h1 class=\"oew-grid-title entry-title\">\n\t\t\t\t\t\t\t\t\t\t\t\t\t<a href=\"https:\/\/www.solidarsport.fr\/index.php\/2025\/12\/17\/titre-reunion-de-travail\/\" title=\"R\u00e9union de travail\">R\u00e9union de travail<\/a>\n\t\t\t\t\t\t\t\t\t\t\t\t<\/h1>\n\n\t\t\t\t\t\t\t\t\t\t\t\n\t\t\t\t\t\t\t\t\t\t\t\n\t\t\t\t\t\t\t\t\t\t\t\t<div class=\"oew-grid-excerpt clr\">\n\t\t\t\t\t\t\t\t\t\t\t\t\tD\u00e9couvrez le compte-rendu de notre derni\u00e8re r\u00e9union. Cliquez ici\t\t\t\t\t\t\t\t\t\t\t\t<\/div>\n\n\t\t\t\t\t\t\t\t\t\t\t\n\t\t\t\t\t\t\t\t\t\t<\/div><!-- .oew-grid-details -->\n\n\t\t\t\t\t\t\t\t\t\n\t\t\t\t\t\t\t\t\t\n\t\t\t\t\t\t\t\t\t\t<ul class=\"oew-grid-meta clr\">\n\n\t\t\t\t\t\t\t\t\t\t\t\n\t\t\t\t\t\t\t\t\t\t\t\t\t\t\t\t\t\t\t\t\t\t\t<li class=\"meta-cat\"><i class=\" icon-folder\" aria-hidden=\"true\" role=\"img\"><\/i><a href=\"https:\/\/www.solidarsport.fr\/index.php\/category\/actus\/\" rel=\"category tag\">actus<\/a> \/ <a href=\"https:\/\/www.solidarsport.fr\/index.php\/category\/archives\/\" rel=\"category tag\">archives<\/a> \/ <a href=\"https:\/\/www.solidarsport.fr\/index.php\/category\/le-lien\/\" rel=\"category tag\">Le Lien<\/a> \/ <a href=\"https:\/\/www.solidarsport.fr\/index.php\/category\/respect_marche\/\" rel=\"category tag\">Nos actions<\/a><\/li>\n\t\t\t\t\t\t\t\t\t\t\t\n\t\t\t\t\t\t\t\t\t\t<\/ul>\n\n\t\t\t\t\t\t\t\t\t\n\t\t\t\t\t\t\t\t<\/div>\n\n\t\t\t\t\t\t\t\n\t\t\t\t\t\t<\/article>\n\n\t\t\t\t\t\n\t\t\t\t\t\n\t\t\t\t\t\t<article id=\"post-6597\" class=\"oew-grid-entry clr post-6597 post type-post status-publish format-standard has-post-thumbnail hentry category-actus category-archives category-le-lien tag-benjamin-catry tag-carlota-rubini tag-cassandre-elemento tag-claude-fondecave tag-clemence-carles tag-daniel-pechenard tag-denis-manassero tag-dominique-zanobi tag-fatma-noomane tag-flavien-falicon tag-gerard-brun tag-guide-2026 tag-jacques-remond-2 tag-jamila-et-robert-sellem tag-jean-mane tag-jeanne-etthari-ceaux tag-johan-fablet tag-julia-salasca tag-karen-charneau tag-karine-lefebvre-rainero tag-maguy-paulet tag-martine-giordano tag-michel-minetti tag-murielle-bauchet tag-pascal-jacquesson tag-patricia-malissart tag-pr-christian-pradier-et-coline tag-sandrine-hebreard tag-sandrine-ricci tag-sophie-airaud tag-stephane-eyrard tag-stephane-grac tag-stephanie-ferrete entry has-media\">\n\n\t\t\t\t\t\t\t\n\t\t\t\t\t\t\t\t<div class=\"oew-grid-inner clr\">\n\n\t\t\t\t\t\t\t\t\t\n\t\t\t\t\t\t\t\t\t\t<div class=\"oew-grid-media clr\">\n\n\t\t\t\t\t\t\t\t\t\t\t<a href=\"https:\/\/www.solidarsport.fr\/index.php\/2025\/10\/22\/reunion-de-travail\/\" title=\"R\u00e9union de travail\" class=\"oew-grid-img\">\n\n\t\t\t\t\t\t\t\t\t\t\t\t<img loading=\"lazy\" decoding=\"async\" width=\"600\" height=\"600\" src=\"https:\/\/www.solidarsport.fr\/wp-content\/uploads\/2025\/10\/le-lien-Reunion-2048-x-1152px-600x600.webp\" class=\"attachment-ocean-thumb-m size-ocean-thumb-m wp-post-image\" alt=\"R\u00e9union de travail\" itemprop=\"image\" srcset=\"https:\/\/www.solidarsport.fr\/wp-content\/uploads\/2025\/10\/le-lien-Reunion-2048-x-1152px-600x600.webp 600w, https:\/\/www.solidarsport.fr\/wp-content\/uploads\/2025\/10\/le-lien-Reunion-2048-x-1152px-150x150.webp 150w\" sizes=\"(max-width: 600px) 100vw, 600px\" \/>\n\t\t\t\t\t\t\t\t\t\t\t\t<span class=\"overlay\">\n\t\t\t\t\t\t\t\t\t\t\t\t\t\t\t\t\t\t\t\t\t\t\t\t\t\t\t<span class=\"overlay-btn\">\n\t\t\t\t\t\t\t\t\t\t\t\t\t\t\tEn savoir plus\t\t\t\t\t\t\t\t\t\t\t\t\t\t<\/span>\n\t\t\t\t\t\t\t\t\t\t\t\t\t\t\t\t\t\t\t\t\t\t\t\t\t<\/span>\n\n\t\t\t\t\t\t\t\t\t\t\t<\/a>\n\n\t\t\t\t\t\t\t\t\t\t\t\n\t\t\t\t\t\t\t\t\t\t<\/div><!-- .oew-grid-media -->\n\n\t\t\t\t\t\t\t\t\t\n\t\t\t\t\t\t\t\t\t\n\t\t\t\t\t\t\t\t\t\t<div class=\"oew-grid-details match-height-content clr\">\n\n\t\t\t\t\t\t\t\t\t\t\t\n\t\t\t\t\t\t\t\t\t\t\t\t<h1 class=\"oew-grid-title entry-title\">\n\t\t\t\t\t\t\t\t\t\t\t\t\t<a href=\"https:\/\/www.solidarsport.fr\/index.php\/2025\/10\/22\/reunion-de-travail\/\" title=\"R\u00e9union de travail\">R\u00e9union de travail<\/a>\n\t\t\t\t\t\t\t\t\t\t\t\t<\/h1>\n\n\t\t\t\t\t\t\t\t\t\t\t\n\t\t\t\t\t\t\t\t\t\t\t\n\t\t\t\t\t\t\t\t\t\t\t\t<div class=\"oew-grid-excerpt clr\">\n\t\t\t\t\t\t\t\t\t\t\t\t\tD\u00e9couvrez le compte-rendu de cette tr\u00e8s fructueuse, tr\u00e8s riche et tr\u00e8s conviviale r\u00e9union. Cliquez ici\t\t\t\t\t\t\t\t\t\t\t\t<\/div>\n\n\t\t\t\t\t\t\t\t\t\t\t\n\t\t\t\t\t\t\t\t\t\t<\/div><!-- .oew-grid-details -->\n\n\t\t\t\t\t\t\t\t\t\n\t\t\t\t\t\t\t\t\t\n\t\t\t\t\t\t\t\t\t\t<ul class=\"oew-grid-meta clr\">\n\n\t\t\t\t\t\t\t\t\t\t\t\n\t\t\t\t\t\t\t\t\t\t\t\t\t\t\t\t\t\t\t\t\t\t\t<li class=\"meta-cat\"><i class=\" icon-folder\" aria-hidden=\"true\" role=\"img\"><\/i><a href=\"https:\/\/www.solidarsport.fr\/index.php\/category\/actus\/\" rel=\"category tag\">actus<\/a> \/ <a href=\"https:\/\/www.solidarsport.fr\/index.php\/category\/archives\/\" rel=\"category tag\">archives<\/a> \/ <a href=\"https:\/\/www.solidarsport.fr\/index.php\/category\/le-lien\/\" rel=\"category tag\">Le Lien<\/a><\/li>\n\t\t\t\t\t\t\t\t\t\t\t\n\t\t\t\t\t\t\t\t\t\t<\/ul>\n\n\t\t\t\t\t\t\t\t\t\n\t\t\t\t\t\t\t\t<\/div>\n\n\t\t\t\t\t\t\t\n\t\t\t\t\t\t<\/article>\n\n\t\t\t\t\t\n\t\t\t\t\t\n\t\t\t\t\t\t<article id=\"post-6581\" class=\"oew-grid-entry clr post-6581 post type-post status-publish format-standard has-post-thumbnail hentry category-actus category-archives category-le-lien category-lycee category-respect_marche tag-gerard-brun tag-guide-2026 tag-jacques-remond tag-jeune-ambassadeur tag-journee-dintegration tag-karen-charneau tag-les-coteaux tag-manuel-dureuil tag-monsieur-eyrard tag-oceane-frebourg entry has-media\">\n\n\t\t\t\t\t\t\t\n\t\t\t\t\t\t\t\t<div class=\"oew-grid-inner clr\">\n\n\t\t\t\t\t\t\t\t\t\n\t\t\t\t\t\t\t\t\t\t<div class=\"oew-grid-media clr\">\n\n\t\t\t\t\t\t\t\t\t\t\t<a href=\"https:\/\/www.solidarsport.fr\/index.php\/2025\/09\/17\/journee-dintegration-au-lycee-les-coteaux-a-cannes\/\" title=\"Journ\u00e9e d&rsquo;int\u00e9gration au lyc\u00e9e Les Coteaux \u00e0 Cannes\" class=\"oew-grid-img\">\n\n\t\t\t\t\t\t\t\t\t\t\t\t<img loading=\"lazy\" decoding=\"async\" width=\"600\" height=\"600\" src=\"https:\/\/www.solidarsport.fr\/wp-content\/uploads\/2025\/09\/LeLienLyceeLesCoteaux-600x600.webp\" class=\"attachment-ocean-thumb-m size-ocean-thumb-m wp-post-image\" alt=\"Journ\u00e9e d&rsquo;int\u00e9gration au lyc\u00e9e Les Coteaux \u00e0 Cannes\" itemprop=\"image\" srcset=\"https:\/\/www.solidarsport.fr\/wp-content\/uploads\/2025\/09\/LeLienLyceeLesCoteaux-600x600.webp 600w, https:\/\/www.solidarsport.fr\/wp-content\/uploads\/2025\/09\/LeLienLyceeLesCoteaux-150x150.webp 150w\" sizes=\"(max-width: 600px) 100vw, 600px\" \/>\n\t\t\t\t\t\t\t\t\t\t\t\t<span class=\"overlay\">\n\t\t\t\t\t\t\t\t\t\t\t\t\t\t\t\t\t\t\t\t\t\t\t\t\t\t\t<span class=\"overlay-btn\">\n\t\t\t\t\t\t\t\t\t\t\t\t\t\t\tEn savoir plus\t\t\t\t\t\t\t\t\t\t\t\t\t\t<\/span>\n\t\t\t\t\t\t\t\t\t\t\t\t\t\t\t\t\t\t\t\t\t\t\t\t\t<\/span>\n\n\t\t\t\t\t\t\t\t\t\t\t<\/a>\n\n\t\t\t\t\t\t\t\t\t\t\t\n\t\t\t\t\t\t\t\t\t\t<\/div><!-- .oew-grid-media -->\n\n\t\t\t\t\t\t\t\t\t\n\t\t\t\t\t\t\t\t\t\n\t\t\t\t\t\t\t\t\t\t<div class=\"oew-grid-details match-height-content clr\">\n\n\t\t\t\t\t\t\t\t\t\t\t\n\t\t\t\t\t\t\t\t\t\t\t\t<h1 class=\"oew-grid-title entry-title\">\n\t\t\t\t\t\t\t\t\t\t\t\t\t<a href=\"https:\/\/www.solidarsport.fr\/index.php\/2025\/09\/17\/journee-dintegration-au-lycee-les-coteaux-a-cannes\/\" title=\"Journ\u00e9e d&rsquo;int\u00e9gration au lyc\u00e9e Les Coteaux \u00e0 Cannes\">Journ\u00e9e d'int\u00e9gration au lyc\u00e9e Les Coteaux \u00e0 Cannes<\/a>\n\t\t\t\t\t\t\t\t\t\t\t\t<\/h1>\n\n\t\t\t\t\t\t\t\t\t\t\t\n\t\t\t\t\t\t\t\t\t\t\t\n\t\t\t\t\t\t\t\t\t\t\t\t<div class=\"oew-grid-excerpt clr\">\n\t\t\t\t\t\t\t\t\t\t\t\t\tD\u00e9couvrez notre reportage sur cette journ\u00e9e tr\u00e8s r\u00e9ussie. Cliquez ici\t\t\t\t\t\t\t\t\t\t\t\t<\/div>\n\n\t\t\t\t\t\t\t\t\t\t\t\n\t\t\t\t\t\t\t\t\t\t<\/div><!-- .oew-grid-details -->\n\n\t\t\t\t\t\t\t\t\t\n\t\t\t\t\t\t\t\t\t\n\t\t\t\t\t\t\t\t\t\t<ul class=\"oew-grid-meta clr\">\n\n\t\t\t\t\t\t\t\t\t\t\t\n\t\t\t\t\t\t\t\t\t\t\t\t\t\t\t\t\t\t\t\t\t\t\t<li class=\"meta-cat\"><i class=\" icon-folder\" aria-hidden=\"true\" role=\"img\"><\/i><a href=\"https:\/\/www.solidarsport.fr\/index.php\/category\/actus\/\" rel=\"category tag\">actus<\/a> \/ <a href=\"https:\/\/www.solidarsport.fr\/index.php\/category\/archives\/\" rel=\"category tag\">archives<\/a> \/ <a href=\"https:\/\/www.solidarsport.fr\/index.php\/category\/le-lien\/\" rel=\"category tag\">Le Lien<\/a> \/ <a href=\"https:\/\/www.solidarsport.fr\/index.php\/category\/respect_marche\/lycee\/\" rel=\"category tag\">lyc\u00e9e<\/a> \/ <a href=\"https:\/\/www.solidarsport.fr\/index.php\/category\/respect_marche\/\" rel=\"category tag\">Nos actions<\/a><\/li>\n\t\t\t\t\t\t\t\t\t\t\t\n\t\t\t\t\t\t\t\t\t\t<\/ul>\n\n\t\t\t\t\t\t\t\t\t\n\t\t\t\t\t\t\t\t<\/div>\n\n\t\t\t\t\t\t\t\n\t\t\t\t\t\t<\/article>\n\n\t\t\t\t\t\n\t\t\t\t\t\n\t\t\t<\/div><!-- .oew-blog-grid -->\n\n\t\t\t<div class=\"oceanwp-pagination clr\"><ul class='page-numbers'>\n\t<li><span aria-current=\"page\" class=\"page-numbers current\">1<\/span><\/li>\n\t<li><a class=\"page-numbers\" href=\"https:\/\/www.solidarsport.fr\/index.php\/wp-json\/wp\/v2\/pages\/4033\/page\/2\/\">2<\/a><\/li>\n\t<li><a class=\"page-numbers\" href=\"https:\/\/www.solidarsport.fr\/index.php\/wp-json\/wp\/v2\/pages\/4033\/page\/3\/\">3<\/a><\/li>\n\t<li><a class=\"page-numbers\" href=\"https:\/\/www.solidarsport.fr\/index.php\/wp-json\/wp\/v2\/pages\/4033\/page\/4\/\">4<\/a><\/li>\n\t<li><a class=\"page-numbers\" href=\"https:\/\/www.solidarsport.fr\/index.php\/wp-json\/wp\/v2\/pages\/4033\/page\/5\/\">5<\/a><\/li>\n\t<li><a class=\"next page-numbers\" href=\"https:\/\/www.solidarsport.fr\/index.php\/wp-json\/wp\/v2\/pages\/4033\/page\/2\/\"><span class=\"screen-reader-text\">Aller \u00e0 la page suivante<\/span><i class=\" fa fa-angle-right\" aria-hidden=\"true\" role=\"img\"><\/i><\/a><\/li>\n<\/ul>\n<\/div>\n\t\t\t\n\t\t\t\t\t\t<\/div>\n\t\t\t\t<\/div>\n\t\t\t\t\t<\/div>\n\t\t<\/div>\n\t\t\t\t\t<\/div>\n\t\t<\/section>\n\t\t\t\t<section class=\"elementor-section elementor-top-section elementor-element elementor-element-bb482d4 elementor-section-boxed elementor-section-height-default elementor-section-height-default\" data-id=\"bb482d4\" data-element_type=\"section\" data-e-type=\"section\">\n\t\t\t\t\t\t<div class=\"elementor-container elementor-column-gap-default\">\n\t\t\t\t\t<div class=\"elementor-column elementor-col-100 elementor-top-column elementor-element elementor-element-67338a0\" data-id=\"67338a0\" data-element_type=\"column\" data-e-type=\"column\">\n\t\t\t<div class=\"elementor-widget-wrap\">\n\t\t\t\t\t\t\t<\/div>\n\t\t<\/div>\n\t\t\t\t\t<\/div>\n\t\t<\/section>\n\t\t\t\t<section class=\"elementor-section elementor-top-section elementor-element elementor-element-6daf349b elementor-section-height-min-height elementor-hidden-mobile elementor-section-boxed elementor-section-height-default elementor-section-items-middle\" data-id=\"6daf349b\" data-element_type=\"section\" data-e-type=\"section\" data-settings=\"{&quot;background_background&quot;:&quot;classic&quot;}\">\n\t\t\t\t\t\t<div class=\"elementor-container elementor-column-gap-default\">\n\t\t\t\t\t<div class=\"elementor-column elementor-col-66 elementor-top-column elementor-element elementor-element-49853e64\" data-id=\"49853e64\" data-element_type=\"column\" data-e-type=\"column\">\n\t\t\t<div class=\"elementor-widget-wrap elementor-element-populated\">\n\t\t\t\t\t\t<div class=\"elementor-element elementor-element-251320ac elementor-widget elementor-widget-heading\" data-id=\"251320ac\" data-element_type=\"widget\" data-e-type=\"widget\" data-widget_type=\"heading.default\">\n\t\t\t\t<div class=\"elementor-widget-container\">\n\t\t\t\t\t<h1 class=\"elementor-heading-title elementor-size-default\">Programmez votre action SOLIDARSPORT !<\/h1>\t\t\t\t<\/div>\n\t\t\t\t<\/div>\n\t\t\t\t\t<\/div>\n\t\t<\/div>\n\t\t\t\t<div class=\"elementor-column elementor-col-33 elementor-top-column elementor-element elementor-element-4c79fb3d\" data-id=\"4c79fb3d\" data-element_type=\"column\" data-e-type=\"column\">\n\t\t\t<div class=\"elementor-widget-wrap elementor-element-populated\">\n\t\t\t\t\t\t<div class=\"elementor-element elementor-element-78bea1d5 elementor-align-center elementor-hidden-mobile elementor-widget elementor-widget-button\" data-id=\"78bea1d5\" data-element_type=\"widget\" data-e-type=\"widget\" data-widget_type=\"button.default\">\n\t\t\t\t<div class=\"elementor-widget-container\">\n\t\t\t\t\t\t\t\t\t<div class=\"elementor-button-wrapper\">\n\t\t\t\t\t<a class=\"elementor-button elementor-button-link elementor-size-lg\" href=\"https:\/\/www.solidarsport.fr\/index.php\/contact\/\">\n\t\t\t\t\t\t<span class=\"elementor-button-content-wrapper\">\n\t\t\t\t\t\t<span class=\"elementor-button-icon\">\n\t\t\t\t<i aria-hidden=\"true\" class=\"fas fa-external-link-alt\"><\/i>\t\t\t<\/span>\n\t\t\t\t\t\t\t\t\t<span class=\"elementor-button-text\">Contact<\/span>\n\t\t\t\t\t<\/span>\n\t\t\t\t\t<\/a>\n\t\t\t\t<\/div>\n\t\t\t\t\t\t\t\t<\/div>\n\t\t\t\t<\/div>\n\t\t\t\t\t<\/div>\n\t\t<\/div>\n\t\t\t\t\t<\/div>\n\t\t<\/section>\n\t\t\t\t<\/div>\n\t\t","protected":false},"excerpt":{"rendered":"<p>NOS ACTIONS Solidarsport ne s&rsquo;arr\u00eate jamais !Forte d&rsquo;une \u00e9quipe motiv\u00e9e, notre association a une activit\u00e9 d\u00e9bordante : actions dans les \u00e9tablissements scolaires, r\u00e9union de pr\u00e9paration, prix de la citoyennet\u00e9&#8230; Tous ces \u00e9v\u00e8nements font l&rsquo;objet d&rsquo;un reportage photos complet ! \u00a0 Recherchez une action : Incubation : un simple clic ! INCUB&rsquo;ACTION a \u00e9t\u00e9 pr\u00e9sent\u00e9 officiellement [&hellip;]<\/p>\n","protected":false},"author":5,"featured_media":4604,"parent":0,"menu_order":0,"comment_status":"closed","ping_status":"closed","template":"","meta":{"ocean_post_layout":"full-screen","ocean_both_sidebars_style":"","ocean_both_sidebars_content_width":0,"ocean_both_sidebars_sidebars_width":0,"ocean_sidebar":"0","ocean_second_sidebar":"0","ocean_disable_margins":"on","ocean_add_body_class":"","ocean_shortcode_before_top_bar":"","ocean_shortcode_after_top_bar":"","ocean_shortcode_before_header":"","ocean_shortcode_after_header":"","ocean_has_shortcode":"","ocean_shortcode_after_title":"","ocean_shortcode_before_footer_widgets":"","ocean_shortcode_after_footer_widgets":"","ocean_shortcode_before_footer_bottom":"","ocean_shortcode_after_footer_bottom":"","ocean_display_top_bar":"off","ocean_display_header":"on","ocean_header_style":"minimal","ocean_center_header_left_menu":"0","ocean_custom_header_template":"0","ocean_custom_logo":3957,"ocean_custom_retina_logo":3960,"ocean_custom_logo_max_width":0,"ocean_custom_logo_tablet_max_width":0,"ocean_custom_logo_mobile_max_width":0,"ocean_custom_logo_max_height":0,"ocean_custom_logo_tablet_max_height":0,"ocean_custom_logo_mobile_max_height":0,"ocean_header_custom_menu":"0","ocean_menu_typo_font_family":"0","ocean_menu_typo_font_subset":"","ocean_menu_typo_font_size":0,"ocean_menu_typo_font_size_tablet":0,"ocean_menu_typo_font_size_mobile":0,"ocean_menu_typo_font_size_unit":"px","ocean_menu_typo_font_weight":"","ocean_menu_typo_font_weight_tablet":"","ocean_menu_typo_font_weight_mobile":"","ocean_menu_typo_transform":"","ocean_menu_typo_transform_tablet":"","ocean_menu_typo_transform_mobile":"","ocean_menu_typo_line_height":0,"ocean_menu_typo_line_height_tablet":0,"ocean_menu_typo_line_height_mobile":0,"ocean_menu_typo_line_height_unit":"","ocean_menu_typo_spacing":0,"ocean_menu_typo_spacing_tablet":0,"ocean_menu_typo_spacing_mobile":0,"ocean_menu_typo_spacing_unit":"","ocean_menu_link_color":"","ocean_menu_link_color_hover":"","ocean_menu_link_color_active":"","ocean_menu_link_background":"","ocean_menu_link_hover_background":"","ocean_menu_link_active_background":"","ocean_menu_social_links_bg":"","ocean_menu_social_hover_links_bg":"","ocean_menu_social_links_color":"","ocean_menu_social_hover_links_color":"","ocean_disable_title":"on","ocean_disable_heading":"default","ocean_post_title":"","ocean_post_subheading":"","ocean_post_title_style":"","ocean_post_title_background_color":"","ocean_post_title_background":0,"ocean_post_title_bg_image_position":"","ocean_post_title_bg_image_attachment":"","ocean_post_title_bg_image_repeat":"","ocean_post_title_bg_image_size":"","ocean_post_title_height":0,"ocean_post_title_bg_overlay":0.5,"ocean_post_title_bg_overlay_color":"","ocean_disable_breadcrumbs":"default","ocean_breadcrumbs_color":"","ocean_breadcrumbs_separator_color":"","ocean_breadcrumbs_links_color":"","ocean_breadcrumbs_links_hover_color":"","ocean_display_footer_widgets":"default","ocean_display_footer_bottom":"default","ocean_custom_footer_template":"0","ofc_enable_fullscreen":"disable","ofc_fullscreen_speed":0,"ofc_fullscreen_nav":"enable","ofc_fullscreen_nav_pos":"right","ofc_fullscreen_nav_color":"","ofc_fullscreen_nav_tooltip_color":"","ofc_fullscreen_responsive":0,"osh_disable_topbar_sticky":"default","osh_disable_header_sticky":"default","osh_sticky_header_style":"default","osh_sticky_header_effect":"","osh_custom_sticky_logo":0,"osh_custom_retina_sticky_logo":0,"osh_custom_sticky_logo_height":0,"osh_background_color":"","osh_links_color":"","osh_links_hover_color":"","osh_links_active_color":"","osh_links_bg_color":"","osh_links_hover_bg_color":"","osh_links_active_bg_color":"","osh_menu_social_links_color":"","osh_menu_social_hover_links_color":"","footnotes":""},"class_list":["post-4033","page","type-page","status-publish","has-post-thumbnail","hentry","entry","has-media"],"_links":{"self":[{"href":"https:\/\/www.solidarsport.fr\/index.php\/wp-json\/wp\/v2\/pages\/4033","targetHints":{"allow":["GET"]}}],"collection":[{"href":"https:\/\/www.solidarsport.fr\/index.php\/wp-json\/wp\/v2\/pages"}],"about":[{"href":"https:\/\/www.solidarsport.fr\/index.php\/wp-json\/wp\/v2\/types\/page"}],"author":[{"embeddable":true,"href":"https:\/\/www.solidarsport.fr\/index.php\/wp-json\/wp\/v2\/users\/5"}],"replies":[{"embeddable":true,"href":"https:\/\/www.solidarsport.fr\/index.php\/wp-json\/wp\/v2\/comments?post=4033"}],"version-history":[{"count":0,"href":"https:\/\/www.solidarsport.fr\/index.php\/wp-json\/wp\/v2\/pages\/4033\/revisions"}],"wp:featuredmedia":[{"embeddable":true,"href":"https:\/\/www.solidarsport.fr\/index.php\/wp-json\/wp\/v2\/media\/4604"}],"wp:attachment":[{"href":"https:\/\/www.solidarsport.fr\/index.php\/wp-json\/wp\/v2\/media?parent=4033"}],"curies":[{"name":"wp","href":"https:\/\/api.w.org\/{rel}","templated":true}]}}